{"version":"1.0","provider_name":"NMS Schulzentrum Hall in Tirol","provider_url":"https:\/\/schulzentrum-hall.at\/cms\/nms","author_name":"root","author_url":"https:\/\/schulzentrum-hall.at\/cms\/nms\/author\/root\/","title":"Spendenaktion f\u00fcr Missio \u00d6sterreich - NMS Schulzentrum Hall in Tirol","type":"rich","width":600,"height":338,"html":"<blockquote class=\"wp-embedded-content\" data-secret=\"6ddoKBQzZF\"><a href=\"https:\/\/schulzentrum-hall.at\/cms\/nms\/2023\/01\/10\/spendenaktion-fuer-missio-oesterreich\/\">Spendenaktion f\u00fcr Missio \u00d6sterreich<\/a><\/blockquote><iframe sandbox=\"allow-scripts\" security=\"restricted\" src=\"https:\/\/schulzentrum-hall.at\/cms\/nms\/2023\/01\/10\/spendenaktion-fuer-missio-oesterreich\/embed\/#?secret=6ddoKBQzZF\" width=\"600\" height=\"338\" title=\"&#8222;Spendenaktion f\u00fcr Missio \u00d6sterreich&#8220; &#8211; NMS Schulzentrum Hall in Tirol\" data-secret=\"6ddoKBQzZF\" frameborder=\"0\" marginwidth=\"0\" marginheight=\"0\" scrolling=\"no\" class=\"wp-embedded-content\"><\/iframe><script type=\"text\/javascript\">\n\/* <![CDATA[ *\/\n\/*! This file is auto-generated *\/\n!function(d,l){\"use strict\";l.querySelector&&d.addEventListener&&\"undefined\"!=typeof URL&&(d.wp=d.wp||{},d.wp.receiveEmbedMessage||(d.wp.receiveEmbedMessage=function(e){var t=e.data;if((t||t.secret||t.message||t.value)&&!\/[^a-zA-Z0-9]\/.test(t.secret)){for(var s,r,n,a=l.querySelectorAll('iframe[data-secret=\"'+t.secret+'\"]'),o=l.querySelectorAll('blockquote[data-secret=\"'+t.secret+'\"]'),c=new RegExp(\"^https?:$\",\"i\"),i=0;i<o.length;i++)o[i].style.display=\"none\";for(i=0;i<a.length;i++)s=a[i],e.source===s.contentWindow&&(s.removeAttribute(\"style\"),\"height\"===t.message?(1e3<(r=parseInt(t.value,10))?r=1e3:~~r<200&&(r=200),s.height=r):\"link\"===t.message&&(r=new URL(s.getAttribute(\"src\")),n=new URL(t.value),c.test(n.protocol))&&n.host===r.host&&l.activeElement===s&&(d.top.location.href=t.value))}},d.addEventListener(\"message\",d.wp.receiveEmbedMessage,!1),l.addEventListener(\"DOMContentLoaded\",function(){for(var e,t,s=l.querySelectorAll(\"iframe.wp-embedded-content\"),r=0;r<s.length;r++)(t=(e=s[r]).getAttribute(\"data-secret\"))||(t=Math.random().toString(36).substring(2,12),e.src+=\"#?secret=\"+t,e.setAttribute(\"data-secret\",t)),e.contentWindow.postMessage({message:\"ready\",secret:t},\"*\")},!1)))}(window,document);\n\/\/# sourceURL=https:\/\/schulzentrum-hall.at\/cms\/nms\/wp-includes\/js\/wp-embed.min.js\n\/* ]]> *\/\n<\/script>\n","thumbnail_url":"https:\/\/schulzentrum-hall.at\/cms\/nms\/wp-content\/uploads\/sites\/2\/2023\/01\/MicrosoftTeams-image-12-e1673341894397.jpg","thumbnail_width":1024,"thumbnail_height":586,"description":"Unter dem Motto \u201eTu Gutes f\u00fcr dich und mich\u201c engagierten sich die Jungen der 2b im Rahmen des katholischen Religionsunterrichts f\u00fcr Kinder und Jugendliche in Not. Bereits seit \u00fcber 40 Jahren bietet Mission \u00d6sterreich mit der landesweiten Jugendaktion eine Plattform f\u00fcr junge Menden, sich f\u00fcr globale Solidarit\u00e4t, Nachhaltigkeit und soziale Verantwortung einzusetzen."}